{"id":8,"date":"2007-11-27T20:25:31","date_gmt":"2007-11-27T11:25:31","guid":{"rendered":"http:\/\/palmu.st\/fi\/?page_id=8"},"modified":"2025-01-15T18:56:40","modified_gmt":"2025-01-15T09:56:40","slug":"lahetystyo","status":"publish","type":"page","link":"https:\/\/palmu.st\/fi\/?page_id=8","title":{"rendered":"L\u00e4hetysty\u00f6n perusta"},"content":{"rendered":"<p class=\"leipateksti\" align=\"justify\"><em><strong>&#8221;Menk\u00e4\u00e4 siis ja tehk\u00e4\u00e4 kaikki kansat minun opetuslapsikseni&#8230;&#8221;<\/strong><\/em> &#8211; Matteus 28:19<\/p>\n<p class=\"leipateksti\" align=\"justify\">Yl\u00f6snoussut Vapahtajamme lausui n\u00e4m\u00e4 sanat opetuslapsille viimeisen\u00e4 kehotuksenaan. Yksik\u00e4\u00e4n opetuslapsista ei j\u00e4\u00e4nyt miettim\u00e4\u00e4n mik\u00e4 heid\u00e4n teht\u00e4v\u00e4ns\u00e4 oli ja mink\u00e4 takia. Aiemmin niin pelokkaat miehet l\u00e4htiv\u00e4t rohkeina julistamaan sanomaa Jeesuksen yl\u00f6snousemuksesta. T\u00e4m\u00e4 evankeliumin, eli ilosanoman, levitt\u00e4minen on edelleen kesken ja t\u00e4st\u00e4 syyst\u00e4 t\u00e4m\u00e4 Jeesuksen l\u00e4hetysk\u00e4sky koskee meit\u00e4 kristittyj\u00e4 t\u00e4n\u00e4\u00e4nkin.<\/p>\n<p class=\"leipateksti\" align=\"justify\"><em>&#8221;<strong>Satoa on paljon, mutta sadonkorjaajia v\u00e4h\u00e4n. Pyyt\u00e4k\u00e4\u00e4 siis herraa, jolle sato kuuluu, l\u00e4hett\u00e4m\u00e4\u00e4n v\u00e4ke\u00e4 elonkorjuuseen.&#8221;<\/strong> <\/em>&#8211; Matteus 9: 37-38<\/p>\n<p class=\"leipateksti\" align=\"justify\">Jeesus lausui n\u00e4m\u00e4 sanat opetuslapsilleen ennen kuin h\u00e4n l\u00e4hetti heid\u00e4t &#8221;m\u00e4\u00e4r\u00e4aikaiseen l\u00e4hetysty\u00f6h\u00f6n&#8221;. Meit\u00e4 t\u00e4m\u00e4 raamatunkohta kosketti erityisen paljon kun kuulimme l\u00e4hetyskentilt\u00e4 kuuluvia h\u00e4t\u00e4huutoja ty\u00f6n jatkumisen puolesta. L\u00e4hetysty\u00f6h\u00f6n ei ole en\u00e4\u00e4 nuoria l\u00e4htij\u00f6it\u00e4&#8230;<\/p>\n<p class=\"leipateksti\" align=\"justify\"><em><strong>&#8221;Mutta kuinka he voivat huutaa avukseen sit\u00e4, johon eiv\u00e4t usko? Kuinka he voivat uskoa siihen, josta eiv\u00e4t ole kuulleet? Kuinka he voivat kuulla, ellei kukaan julista? Kuinka kukaan voi julistaa, ellei h\u00e4nt\u00e4 ole l\u00e4hetetty?&#8221; <\/strong><\/em>&#8211; Roomalaiskirje 10:14-15<\/p>\n<p class=\"leipateksti\" align=\"justify\">Julistusty\u00f6 on siis kesken. T\u00e4h\u00e4n ty\u00f6h\u00f6n me haluamme osallistua omalla el\u00e4m\u00e4ll\u00e4mme!<\/p>\n<p class=\"leipateksti\"><strong>Lis\u00e4\u00e4 tietoa l\u00e4hetysty\u00f6st\u00e4:<\/strong><br \/>\n&#8211; <a href=\"http:\/\/www.sekl.fi\/\" target=\"_blank\">Suomen ev.lut. Kansanl\u00e4hetys<\/a><br \/>\n&#8211; <a href=\"https:\/\/www.facebook.com\/lahetys\/\" target=\"_blank\">Kirkon l\u00e4hetysty\u00f6n keskus<\/a><\/p>\n","protected":false},"excerpt":{"rendered":"<p>&#8221;Menk\u00e4\u00e4 siis ja tehk\u00e4\u00e4 kaikki kansat minun opetuslapsikseni&#8230;&#8221; &#8211; Matteus 28:19 Yl\u00f6snoussut Vapahtajamme lausui n\u00e4m\u00e4 sanat opetuslapsille viimeisen\u00e4 kehotuksenaan. Yksik\u00e4\u00e4n opetuslapsista ei j\u00e4\u00e4nyt miettim\u00e4\u00e4n mik\u00e4 heid\u00e4n teht\u00e4v\u00e4ns\u00e4 oli ja mink\u00e4 takia. Aiemmin niin pelokkaat miehet l\u00e4htiv\u00e4t rohkeina julistamaan sanomaa Jeesuksen &hellip; <a href=\"https:\/\/palmu.st\/fi\/?page_id=8\">Lue loppuun <span class=\"meta-nav\">&rarr;<\/span><\/a><\/p>\n","protected":false},"author":1,"featured_media":0,"parent":9,"menu_order":0,"comment_status":"closed","ping_status":"open","template":"","meta":{"footnotes":""},"class_list":["post-8","page","type-page","status-publish","hentry"],"_links":{"self":[{"href":"https:\/\/palmu.st\/fi\/index.php?rest_route=\/wp\/v2\/pages\/8","targetHints":{"allow":["GET"]}}],"collection":[{"href":"https:\/\/palmu.st\/fi\/index.php?rest_route=\/wp\/v2\/pages"}],"about":[{"href":"https:\/\/palmu.st\/fi\/index.php?rest_route=\/wp\/v2\/types\/page"}],"author":[{"embeddable":true,"href":"https:\/\/palmu.st\/fi\/index.php?rest_route=\/wp\/v2\/users\/1"}],"replies":[{"embeddable":true,"href":"https:\/\/palmu.st\/fi\/index.php?rest_route=%2Fwp%2Fv2%2Fcomments&post=8"}],"version-history":[{"count":2,"href":"https:\/\/palmu.st\/fi\/index.php?rest_route=\/wp\/v2\/pages\/8\/revisions"}],"predecessor-version":[{"id":844,"href":"https:\/\/palmu.st\/fi\/index.php?rest_route=\/wp\/v2\/pages\/8\/revisions\/844"}],"up":[{"embeddable":true,"href":"https:\/\/palmu.st\/fi\/index.php?rest_route=\/wp\/v2\/pages\/9"}],"wp:attachment":[{"href":"https:\/\/palmu.st\/fi\/index.php?rest_route=%2Fwp%2Fv2%2Fmedia&parent=8"}],"curies":[{"name":"wp","href":"https:\/\/api.w.org\/{rel}","templated":true}]}}