{"id":10,"date":"2007-11-27T20:44:23","date_gmt":"2007-11-27T11:44:23","guid":{"rendered":"http:\/\/palmu.st\/fi\/?page_id=10"},"modified":"2025-01-06T14:33:12","modified_gmt":"2025-01-06T05:33:12","slug":"lahettajamme","status":"publish","type":"page","link":"https:\/\/palmu.st\/fi\/?page_id=10","title":{"rendered":"L\u00e4hett\u00e4j\u00e4mme"},"content":{"rendered":"<p>Toimimme Japanissa siis <a title=\"Suomen kirkko\" href=\"http:\/\/www.evl.fi\/\" target=\"_blank\" rel=\"noopener noreferrer\">Suomen ev.lut. kirkon<\/a> l\u00e4hetysty\u00f6ntekij\u00f6in\u00e4, <a title=\"Kansanl\u00e4hetys\" href=\"http:\/\/www.sekl.fi\/\" target=\"_blank\" rel=\"noopener noreferrer\">Kansanl\u00e4hetyksen<\/a> palveluksessa. Seuraavat yhteis\u00f6t ja seurakunnat ovat tehneet sopimuksen Kansanl\u00e4hetyksen kanssa meid\u00e4n ty\u00f6mme taloudellisesta tukemisesta:<\/p>\n<p><strong><a title=\"Etel\u00e4-Savon KL\" href=\"https:\/\/e-savo.sekl.fi\" target=\"_blank\" rel=\"noopener noreferrer\">Etel\u00e4-Savon Ev.lut. Kansanl\u00e4hetys ry<\/a><br \/>\n<\/strong><a title=\"Mikkelin tuomiokirkkoseurakunta srk\" href=\"https:\/\/www.mikkelintuomiokirkkoseurakunta.fi\/tule-mukaan\/lahetys-ja-avustustyo\" target=\"_blank\" rel=\"noopener noreferrer\"><em>Mikkelin tuomiokirkkoseurakunta<\/em><\/a><\/p>\n<p><strong><a title=\"Helsingin KL\" href=\"http:\/\/sekl.fi\/helsinki\/\" target=\"_blank\" rel=\"noopener noreferrer\">Helsingin Ev.lut. Kansanl\u00e4hetys ry<\/a><br \/>\n<\/strong><a title=\"Meilahden srk\" href=\"https:\/\/www.seurakuntatoolo.fi\/lahetys-ja-avustustyo\" target=\"_blank\" rel=\"noopener noreferrer\"><em>Helsingin T\u00f6\u00f6l\u00f6n seurakunta<\/em><\/a><\/p>\n<p><strong>H\u00e4meen Ev.lut. Kansanl\u00e4hetys ry<\/strong><em><br \/>\n<a href=\"https:\/\/tampereenseurakunnat.fi\/seurakunnat\/harjun_seurakunta\/kotiseurakunta\/lahetystyo\/nimikkolahetit_ja_-kohteet\" target=\"_blank\" rel=\"noopener noreferrer\">Tampereen Harjun seurakunta<\/a><\/em><\/p>\n<p><strong><a title=\"Pohjois-Savon KL\" href=\"http:\/\/pohjois-savo.sekl.fi\" target=\"_blank\" rel=\"noopener noreferrer\">Pohjois-Savon Ev.lut. Kansanl\u00e4hetys ry<\/a><\/strong><br \/>\n<a title=\"Alava l\u00e4hetys\" href=\"https:\/\/www.kuopionseurakunnat.fi\/alavan-seurakunta\/lahetys-ja-kansainvalinen-vastuu\" target=\"_blank\" rel=\"noopener noreferrer\"><em>Kuopion Alavan seurakunta<\/em><\/a><br \/>\n<a title=\"Kallaveden l\u00e4hetys\" href=\"http:\/\/www.kuopionseurakunnat.fi\/kallaveden-seurakunta\/lahetys-ja-kansaivalinen-vastuu\" target=\"_blank\" rel=\"noopener noreferrer\"><em>Kuopion Kallaveden seurakunta<\/em><\/a><br \/>\n<a title=\"M\u00e4nnist\u00f6 l\u00e4hetys\" href=\"http:\/\/www.kuopionseurakunnat.fi\/manniston-seurakunta\/lahetys-ja-kansainvalinen-vastuu\" target=\"_blank\" rel=\"noopener noreferrer\"><em>Kuopion M\u00e4nnist\u00f6n seurakunta<\/em><\/a><br \/>\n<a title=\"J\u00e4rvi-Kuopion seurakunta\" href=\"http:\/\/www.kuopionseurakunnat.fi\/jarvi-kuopion-seurakunta\/lahetys-ja-kansainvalinen-vastuu\" target=\"_blank\" rel=\"noopener noreferrer\"><em>J\u00e4rvi-Kuopion seurakunta<\/em><\/a><br \/>\n<a title=\"Iisalmen seurakunta\" href=\"https:\/\/www.iisalmenseurakunta.fi\/tule-mukaan\/lahetystyo-ja-kansainvalinen-vastuu\" target=\"_blank\" rel=\"noopener noreferrer\"><em>Iisalmen seurakunta<\/em><\/a><\/p>\n<p><strong><a title=\"Uudenmaan KL\" href=\"https:\/\/satakunta.sekl.fi\" target=\"_blank\" rel=\"noopener noreferrer\">Satakunnan Ev.lut. Kansanl\u00e4hetys ry<\/a><br \/>\n<\/strong><a title=\"Kirkkonummen l\u00e4hetys\" href=\"https:\/\/www.kirkkoporissa.fi\/noormarkun-seurakunta\/lahetys-ja-vapaaehtoistyo\" target=\"_blank\" rel=\"noopener noreferrer\"><em>Noormarkun seurakunta<\/em><\/a><br \/>\n<a title=\"Kirkkonummen l\u00e4hetys\" href=\"https:\/\/www.ulvilanseurakunta.fi\/tule-mukaan\/lahetys-ja-avustustyo\" target=\"_blank\" rel=\"noopener noreferrer\"><em>Ulvilan seurakunta<\/em><\/a><\/p>\n<p><strong><a title=\"Uudenmaan KL\" href=\"http:\/\/sekl.fi\/uusimaa\/\" target=\"_blank\" rel=\"noopener noreferrer\">Uudenmaan Ev.lut. Kansanl\u00e4hetys ry<\/a><\/strong><br \/>\n<a title=\"Kirkkonummen l\u00e4hetys\" href=\"https:\/\/www.kirkkonummenseurakunnat.fi\/tule-mukaan\/lahetystyo\" target=\"_blank\" rel=\"noopener noreferrer\"><em>Kirkkonummen seurakunta<\/em><\/a><\/p>\n<p><span style=\"font-family: Arial;\"><span style=\"font-family: Arial;\"><strong>Eritt\u00e4in t\u00e4rke\u00e4n osan l\u00e4hett\u00e4jist\u00e4mme muodostavat kaikki yst\u00e4v\u00e4renkaamme j\u00e4senet. Kiitos teille esirukouksistanne ja mahdollisesta taloudellisesta tuestanne!<\/strong><\/span><\/span><\/p>\n<p><strong><a href=\"https:\/\/kansanlahetys.fi\/tyontekijat-ja-kohteet\/palmu-lauri-ja-asako\/\" target=\"_blank\" rel=\"noopener noreferrer\">LIITY YST\u00c4V\u00c4RENKAASEEMME!<\/a><\/strong><\/p>\n","protected":false},"excerpt":{"rendered":"<p>Toimimme Japanissa siis Suomen ev.lut. kirkon l\u00e4hetysty\u00f6ntekij\u00f6in\u00e4, Kansanl\u00e4hetyksen palveluksessa. Seuraavat yhteis\u00f6t ja seurakunnat ovat tehneet sopimuksen Kansanl\u00e4hetyksen kanssa meid\u00e4n ty\u00f6mme taloudellisesta tukemisesta: Etel\u00e4-Savon Ev.lut. Kansanl\u00e4hetys ry Mikkelin tuomiokirkkoseurakunta Helsingin Ev.lut. Kansanl\u00e4hetys ry Helsingin T\u00f6\u00f6l\u00f6n seurakunta H\u00e4meen Ev.lut. Kansanl\u00e4hetys ry Tampereen &hellip; <a href=\"https:\/\/palmu.st\/fi\/?page_id=10\">Lue loppuun <span class=\"meta-nav\">&rarr;<\/span><\/a><\/p>\n","protected":false},"author":1,"featured_media":0,"parent":9,"menu_order":0,"comment_status":"closed","ping_status":"open","template":"","meta":{"footnotes":""},"class_list":["post-10","page","type-page","status-publish","hentry"],"_links":{"self":[{"href":"https:\/\/palmu.st\/fi\/index.php?rest_route=\/wp\/v2\/pages\/10","targetHints":{"allow":["GET"]}}],"collection":[{"href":"https:\/\/palmu.st\/fi\/index.php?rest_route=\/wp\/v2\/pages"}],"about":[{"href":"https:\/\/palmu.st\/fi\/index.php?rest_route=\/wp\/v2\/types\/page"}],"author":[{"embeddable":true,"href":"https:\/\/palmu.st\/fi\/index.php?rest_route=\/wp\/v2\/users\/1"}],"replies":[{"embeddable":true,"href":"https:\/\/palmu.st\/fi\/index.php?rest_route=%2Fwp%2Fv2%2Fcomments&post=10"}],"version-history":[{"count":36,"href":"https:\/\/palmu.st\/fi\/index.php?rest_route=\/wp\/v2\/pages\/10\/revisions"}],"predecessor-version":[{"id":834,"href":"https:\/\/palmu.st\/fi\/index.php?rest_route=\/wp\/v2\/pages\/10\/revisions\/834"}],"up":[{"embeddable":true,"href":"https:\/\/palmu.st\/fi\/index.php?rest_route=\/wp\/v2\/pages\/9"}],"wp:attachment":[{"href":"https:\/\/palmu.st\/fi\/index.php?rest_route=%2Fwp%2Fv2%2Fmedia&parent=10"}],"curies":[{"name":"wp","href":"https:\/\/api.w.org\/{rel}","templated":true}]}}